{"id":2070,"date":"2026-01-28T15:29:17","date_gmt":"2026-01-28T20:29:17","guid":{"rendered":"https:\/\/participacion.asambleanacional.gob.ec\/?page_id=2070"},"modified":"2026-02-02T15:55:21","modified_gmt":"2026-02-02T20:55:21","slug":"escuelas-legislativas","status":"publish","type":"page","link":"https:\/\/participacion.asambleanacional.gob.ec\/?page_id=2070","title":{"rendered":"escuelas legislativas"},"content":{"rendered":"\t\t<div data-elementor-type=\"wp-page\" data-elementor-id=\"2070\" class=\"elementor elementor-2070\" data-elementor-settings=\"[]\">\n\t\t\t\t\t\t\t<div class=\"elementor-section-wrap\">\n\t\t\t\t\t\t\t<section class=\"elementor-section elementor-top-section elementor-element elementor-element-f8ab5d6 elementor-section-stretched elementor-section-boxed elementor-section-height-default elementor-section-height-default\" data-id=\"f8ab5d6\" data-element_type=\"section\" data-settings=\"{&quot;stretch_section&quot;:&quot;section-stretched&quot;}\">\n\t\t\t\t\t\t<div class=\"elementor-container elementor-column-gap-default\">\n\t\t\t\t\t<div class=\"elementor-column elementor-col-33 elementor-top-column elementor-element elementor-element-5db9e55\" data-id=\"5db9e55\" data-element_type=\"column\">\n\t\t\t<div class=\"elementor-widget-wrap elementor-element-populated\">\n\t\t\t\t\t\t\t\t<div class=\"elementor-element elementor-element-f2786ef elementor-widget elementor-widget-text-editor\" data-id=\"f2786ef\" data-element_type=\"widget\" data-widget_type=\"text-editor.default\">\n\t\t\t\t<div class=\"elementor-widget-container\">\n\t\t\t\t\t<div class=\"elementor-text-editor elementor-clearfix\"><a href=\"http:\/\/participacion.asambleanacional.gob.ec\/\"><img loading=\"lazy\" decoding=\"async\" class=\"alignnone size-medium wp-image-1376\" src=\"https:\/\/www.asambleanacional.gob.ec\/sites\/all\/themes\/asamblea\/logo-original.png\" alt=\"\" width=\"300\" height=\"115\" \/><\/a><\/div>\n\t\t\t\t<\/div>\n\t\t\t\t<\/div>\n\t\t\t\t\t<\/div>\n\t\t<\/div>\n\t\t\t\t<div class=\"elementor-column elementor-col-66 elementor-top-column elementor-element elementor-element-ea98d11\" data-id=\"ea98d11\" data-element_type=\"column\">\n\t\t\t<div class=\"elementor-widget-wrap elementor-element-populated\">\n\t\t\t\t\t\t\t\t<div class=\"elementor-element elementor-element-7757dc1 elementor-nav-menu__align-left elementor-nav-menu--stretch elementor-nav-menu--indicator-none elementor-nav-menu--dropdown-tablet elementor-nav-menu__text-align-aside elementor-nav-menu--toggle elementor-nav-menu--burger elementor-widget elementor-widget-nav-menu\" data-id=\"7757dc1\" data-element_type=\"widget\" data-settings=\"{&quot;full_width&quot;:&quot;stretch&quot;,&quot;layout&quot;:&quot;horizontal&quot;,&quot;toggle&quot;:&quot;burger&quot;}\" data-widget_type=\"nav-menu.default\">\n\t\t\t\t<div class=\"elementor-widget-container\">\n\t\t\t\t\t\t<nav role=\"navigation\" class=\"elementor-nav-menu--main elementor-nav-menu__container elementor-nav-menu--layout-horizontal e--pointer-none\"><ul id=\"menu-1-7757dc1\" class=\"elementor-nav-menu\"><li class=\"menu-item menu-item-type-custom menu-item-object-custom menu-item-2865\"><a href=\"?page_id=1406\" class=\"elementor-item\">Inicio<\/a><\/li>\n<li class=\"menu-item menu-item-type-custom menu-item-object-custom menu-item-has-children menu-item-1567\"><a href=\"#\" class=\"elementor-item elementor-item-anchor\">Coordinaci\u00f3n de Participaci\u00f3n Ciudadana<\/a>\n<ul class=\"sub-menu elementor-nav-menu--dropdown\">\n\t<li class=\"menu-item menu-item-type-post_type menu-item-object-page menu-item-2861\"><a href=\"https:\/\/participacion.asambleanacional.gob.ec\/?page_id=2010\" class=\"elementor-sub-item\">Qui\u00e9nes Somos<\/a><\/li>\n<\/ul>\n<\/li>\n<li class=\"menu-item menu-item-type-post_type menu-item-object-page menu-item-has-children menu-item-3076\"><a href=\"https:\/\/participacion.asambleanacional.gob.ec\/?page_id=2423\" class=\"elementor-item\">Casas Legislativas<\/a>\n<ul class=\"sub-menu elementor-nav-menu--dropdown\">\n\t<li class=\"menu-item menu-item-type-custom menu-item-object-custom menu-item-has-children menu-item-1846\"><a href=\"#\" class=\"elementor-sub-item elementor-item-anchor\">Formularios<\/a>\n\t<ul class=\"sub-menu elementor-nav-menu--dropdown\">\n\t\t<li class=\"menu-item menu-item-type-custom menu-item-object-custom menu-item-1726\"><a href=\"https:\/\/encuestas.asambleanacional.gob.ec\/index.php\/644793?lang=es\" class=\"elementor-sub-item\">Formulario uso de las Casas Legislativas y\/o Bienes<\/a><\/li>\n\t\t<li class=\"menu-item menu-item-type-custom menu-item-object-custom menu-item-1845\"><a href=\"https:\/\/encuestas.asambleanacional.gob.ec\/index.php\/671486?lang=es\" class=\"elementor-sub-item\">Formulario Apoyo En Territorio<\/a><\/li>\n\t\t<li class=\"menu-item menu-item-type-custom menu-item-object-custom menu-item-1847\"><a href=\"https:\/\/encuestas.asambleanacional.gob.ec\/index.php\/792889?lang=es\" class=\"elementor-sub-item\">Formulario Solicitud De Capacitaci\u00f3n<\/a><\/li>\n\t\t<li class=\"menu-item menu-item-type-custom menu-item-object-custom menu-item-1848\"><a href=\"https:\/\/encuestas.asambleanacional.gob.ec\/index.php\/428831?lang=es\" class=\"elementor-sub-item\">Encuesta De Satisfacci\u00f3n Gesti\u00f3n De Casas Legislativas<\/a><\/li>\n\t<\/ul>\n<\/li>\n<\/ul>\n<\/li>\n<li class=\"menu-item menu-item-type-post_type menu-item-object-page menu-item-has-children menu-item-2974\"><a href=\"https:\/\/participacion.asambleanacional.gob.ec\/?page_id=1843\" class=\"elementor-item\">Vinculaci\u00f3n y Participaci\u00f3n<\/a>\n<ul class=\"sub-menu elementor-nav-menu--dropdown\">\n\t<li class=\"menu-item menu-item-type-post_type menu-item-object-page menu-item-has-children menu-item-3159\"><a href=\"https:\/\/participacion.asambleanacional.gob.ec\/?page_id=3071\" class=\"elementor-sub-item\">Mecanismos de Participaci\u00f3n Ciudadana<\/a>\n\t<ul class=\"sub-menu elementor-nav-menu--dropdown\">\n\t\t<li class=\"menu-item menu-item-type-post_type menu-item-object-page menu-item-2981\"><a href=\"https:\/\/participacion.asambleanacional.gob.ec\/?page_id=1933\" class=\"elementor-sub-item\">Consulta Prelegislativa<\/a><\/li>\n\t\t<li class=\"menu-item menu-item-type-post_type menu-item-object-page menu-item-2985\"><a href=\"https:\/\/participacion.asambleanacional.gob.ec\/?page_id=1944\" class=\"elementor-sub-item\">Asamble\u00edsta por un D\u00eda<\/a><\/li>\n\t\t<li class=\"menu-item menu-item-type-post_type menu-item-object-page menu-item-has-children menu-item-2995\"><a href=\"https:\/\/participacion.asambleanacional.gob.ec\/?page_id=1946\" class=\"elementor-sub-item\">Recepci\u00f3n de Sugerencias y Observaciones<\/a>\n\t\t<ul class=\"sub-menu elementor-nav-menu--dropdown\">\n\t\t\t<li class=\"menu-item menu-item-type-post_type menu-item-object-page menu-item-3014\"><a href=\"https:\/\/participacion.asambleanacional.gob.ec\/?page_id=1948\" class=\"elementor-sub-item\">Participacion Ciudadana en Comisiones Generales<\/a><\/li>\n\t\t\t<li class=\"menu-item menu-item-type-post_type menu-item-object-page menu-item-3015\"><a href=\"https:\/\/participacion.asambleanacional.gob.ec\/?page_id=1950\" class=\"elementor-sub-item\">Plataforma Virtual Participa 2.0<\/a><\/li>\n\t\t\t<li class=\"menu-item menu-item-type-post_type menu-item-object-page menu-item-3016\"><a href=\"https:\/\/participacion.asambleanacional.gob.ec\/?page_id=1952\" class=\"elementor-sub-item\">Simulaciones Parlamentarias<\/a><\/li>\n\t\t<\/ul>\n<\/li>\n\t\t<li class=\"menu-item menu-item-type-post_type menu-item-object-page menu-item-3032\"><a href=\"https:\/\/participacion.asambleanacional.gob.ec\/?page_id=1954\" class=\"elementor-sub-item\">Foros de Consulta<\/a><\/li>\n\t\t<li class=\"menu-item menu-item-type-post_type menu-item-object-page menu-item-3036\"><a href=\"https:\/\/participacion.asambleanacional.gob.ec\/?page_id=1956\" class=\"elementor-sub-item\">Mesas Itinerantes<\/a><\/li>\n\t<\/ul>\n<\/li>\n\t<li class=\"menu-item menu-item-type-post_type menu-item-object-page menu-item-has-children menu-item-3043\"><a href=\"https:\/\/participacion.asambleanacional.gob.ec\/?page_id=1931\" class=\"elementor-sub-item\">Mecanismos de Interacci\u00f3n<\/a>\n\t<ul class=\"sub-menu elementor-nav-menu--dropdown\">\n\t\t<li class=\"menu-item menu-item-type-post_type menu-item-object-page menu-item-3044\"><a href=\"https:\/\/participacion.asambleanacional.gob.ec\/?page_id=1958\" class=\"elementor-sub-item\">Ruta Legislativa<\/a><\/li>\n\t\t<li class=\"menu-item menu-item-type-post_type menu-item-object-page menu-item-3048\"><a href=\"https:\/\/participacion.asambleanacional.gob.ec\/?page_id=1961\" class=\"elementor-sub-item\">Visitas Guiadas<\/a><\/li>\n\t<\/ul>\n<\/li>\n<\/ul>\n<\/li>\n<li class=\"menu-item menu-item-type-post_type menu-item-object-page menu-item-has-children menu-item-2885\"><a href=\"https:\/\/participacion.asambleanacional.gob.ec\/?page_id=2070\" class=\"elementor-item\">Escuela Legislativa<\/a>\n<ul class=\"sub-menu elementor-nav-menu--dropdown\">\n\t<li class=\"menu-item menu-item-type-post_type menu-item-object-page menu-item-2895\"><a href=\"https:\/\/participacion.asambleanacional.gob.ec\/?page_id=2136\" class=\"elementor-sub-item\">Convenios Acad\u00e9micos<\/a><\/li>\n\t<li class=\"menu-item menu-item-type-custom menu-item-object-custom menu-item-2208\"><a href=\"#\" class=\"elementor-sub-item elementor-item-anchor\">Capacitaciones<\/a><\/li>\n\t<li class=\"menu-item menu-item-type-post_type menu-item-object-page menu-item-3227\"><a href=\"https:\/\/participacion.asambleanacional.gob.ec\/?page_id=2131\" class=\"elementor-sub-item\">Investigaci\u00f3n Aplicada<\/a><\/li>\n<\/ul>\n<\/li>\n<\/ul><\/nav>\n\t\t\t\t\t<div class=\"elementor-menu-toggle\" role=\"button\" tabindex=\"0\" aria-label=\"Menu Toggle\" aria-expanded=\"false\">\n\t\t\t<i class=\"eicon-menu-bar\" aria-hidden=\"true\"><\/i>\n\t\t\t<span class=\"elementor-screen-only\">Menu<\/span>\n\t\t<\/div>\n\t\t\t<nav class=\"elementor-nav-menu--dropdown elementor-nav-menu__container\" role=\"navigation\" aria-hidden=\"true\"><ul id=\"menu-2-7757dc1\" class=\"elementor-nav-menu\"><li class=\"menu-item menu-item-type-custom menu-item-object-custom menu-item-2865\"><a href=\"?page_id=1406\" class=\"elementor-item\">Inicio<\/a><\/li>\n<li class=\"menu-item menu-item-type-custom menu-item-object-custom menu-item-has-children menu-item-1567\"><a href=\"#\" class=\"elementor-item elementor-item-anchor\">Coordinaci\u00f3n de Participaci\u00f3n Ciudadana<\/a>\n<ul class=\"sub-menu elementor-nav-menu--dropdown\">\n\t<li class=\"menu-item menu-item-type-post_type menu-item-object-page menu-item-2861\"><a href=\"https:\/\/participacion.asambleanacional.gob.ec\/?page_id=2010\" class=\"elementor-sub-item\">Qui\u00e9nes Somos<\/a><\/li>\n<\/ul>\n<\/li>\n<li class=\"menu-item menu-item-type-post_type menu-item-object-page menu-item-has-children menu-item-3076\"><a href=\"https:\/\/participacion.asambleanacional.gob.ec\/?page_id=2423\" class=\"elementor-item\">Casas Legislativas<\/a>\n<ul class=\"sub-menu elementor-nav-menu--dropdown\">\n\t<li class=\"menu-item menu-item-type-custom menu-item-object-custom menu-item-has-children menu-item-1846\"><a href=\"#\" class=\"elementor-sub-item elementor-item-anchor\">Formularios<\/a>\n\t<ul class=\"sub-menu elementor-nav-menu--dropdown\">\n\t\t<li class=\"menu-item menu-item-type-custom menu-item-object-custom menu-item-1726\"><a href=\"https:\/\/encuestas.asambleanacional.gob.ec\/index.php\/644793?lang=es\" class=\"elementor-sub-item\">Formulario uso de las Casas Legislativas y\/o Bienes<\/a><\/li>\n\t\t<li class=\"menu-item menu-item-type-custom menu-item-object-custom menu-item-1845\"><a href=\"https:\/\/encuestas.asambleanacional.gob.ec\/index.php\/671486?lang=es\" class=\"elementor-sub-item\">Formulario Apoyo En Territorio<\/a><\/li>\n\t\t<li class=\"menu-item menu-item-type-custom menu-item-object-custom menu-item-1847\"><a href=\"https:\/\/encuestas.asambleanacional.gob.ec\/index.php\/792889?lang=es\" class=\"elementor-sub-item\">Formulario Solicitud De Capacitaci\u00f3n<\/a><\/li>\n\t\t<li class=\"menu-item menu-item-type-custom menu-item-object-custom menu-item-1848\"><a href=\"https:\/\/encuestas.asambleanacional.gob.ec\/index.php\/428831?lang=es\" class=\"elementor-sub-item\">Encuesta De Satisfacci\u00f3n Gesti\u00f3n De Casas Legislativas<\/a><\/li>\n\t<\/ul>\n<\/li>\n<\/ul>\n<\/li>\n<li class=\"menu-item menu-item-type-post_type menu-item-object-page menu-item-has-children menu-item-2974\"><a href=\"https:\/\/participacion.asambleanacional.gob.ec\/?page_id=1843\" class=\"elementor-item\">Vinculaci\u00f3n y Participaci\u00f3n<\/a>\n<ul class=\"sub-menu elementor-nav-menu--dropdown\">\n\t<li class=\"menu-item menu-item-type-post_type menu-item-object-page menu-item-has-children menu-item-3159\"><a href=\"https:\/\/participacion.asambleanacional.gob.ec\/?page_id=3071\" class=\"elementor-sub-item\">Mecanismos de Participaci\u00f3n Ciudadana<\/a>\n\t<ul class=\"sub-menu elementor-nav-menu--dropdown\">\n\t\t<li class=\"menu-item menu-item-type-post_type menu-item-object-page menu-item-2981\"><a href=\"https:\/\/participacion.asambleanacional.gob.ec\/?page_id=1933\" class=\"elementor-sub-item\">Consulta Prelegislativa<\/a><\/li>\n\t\t<li class=\"menu-item menu-item-type-post_type menu-item-object-page menu-item-2985\"><a href=\"https:\/\/participacion.asambleanacional.gob.ec\/?page_id=1944\" class=\"elementor-sub-item\">Asamble\u00edsta por un D\u00eda<\/a><\/li>\n\t\t<li class=\"menu-item menu-item-type-post_type menu-item-object-page menu-item-has-children menu-item-2995\"><a href=\"https:\/\/participacion.asambleanacional.gob.ec\/?page_id=1946\" class=\"elementor-sub-item\">Recepci\u00f3n de Sugerencias y Observaciones<\/a>\n\t\t<ul class=\"sub-menu elementor-nav-menu--dropdown\">\n\t\t\t<li class=\"menu-item menu-item-type-post_type menu-item-object-page menu-item-3014\"><a href=\"https:\/\/participacion.asambleanacional.gob.ec\/?page_id=1948\" class=\"elementor-sub-item\">Participacion Ciudadana en Comisiones Generales<\/a><\/li>\n\t\t\t<li class=\"menu-item menu-item-type-post_type menu-item-object-page menu-item-3015\"><a href=\"https:\/\/participacion.asambleanacional.gob.ec\/?page_id=1950\" class=\"elementor-sub-item\">Plataforma Virtual Participa 2.0<\/a><\/li>\n\t\t\t<li class=\"menu-item menu-item-type-post_type menu-item-object-page menu-item-3016\"><a href=\"https:\/\/participacion.asambleanacional.gob.ec\/?page_id=1952\" class=\"elementor-sub-item\">Simulaciones Parlamentarias<\/a><\/li>\n\t\t<\/ul>\n<\/li>\n\t\t<li class=\"menu-item menu-item-type-post_type menu-item-object-page menu-item-3032\"><a href=\"https:\/\/participacion.asambleanacional.gob.ec\/?page_id=1954\" class=\"elementor-sub-item\">Foros de Consulta<\/a><\/li>\n\t\t<li class=\"menu-item menu-item-type-post_type menu-item-object-page menu-item-3036\"><a href=\"https:\/\/participacion.asambleanacional.gob.ec\/?page_id=1956\" class=\"elementor-sub-item\">Mesas Itinerantes<\/a><\/li>\n\t<\/ul>\n<\/li>\n\t<li class=\"menu-item menu-item-type-post_type menu-item-object-page menu-item-has-children menu-item-3043\"><a href=\"https:\/\/participacion.asambleanacional.gob.ec\/?page_id=1931\" class=\"elementor-sub-item\">Mecanismos de Interacci\u00f3n<\/a>\n\t<ul class=\"sub-menu elementor-nav-menu--dropdown\">\n\t\t<li class=\"menu-item menu-item-type-post_type menu-item-object-page menu-item-3044\"><a href=\"https:\/\/participacion.asambleanacional.gob.ec\/?page_id=1958\" class=\"elementor-sub-item\">Ruta Legislativa<\/a><\/li>\n\t\t<li class=\"menu-item menu-item-type-post_type menu-item-object-page menu-item-3048\"><a href=\"https:\/\/participacion.asambleanacional.gob.ec\/?page_id=1961\" class=\"elementor-sub-item\">Visitas Guiadas<\/a><\/li>\n\t<\/ul>\n<\/li>\n<\/ul>\n<\/li>\n<li class=\"menu-item menu-item-type-post_type menu-item-object-page menu-item-has-children menu-item-2885\"><a href=\"https:\/\/participacion.asambleanacional.gob.ec\/?page_id=2070\" class=\"elementor-item\">Escuela Legislativa<\/a>\n<ul class=\"sub-menu elementor-nav-menu--dropdown\">\n\t<li class=\"menu-item menu-item-type-post_type menu-item-object-page menu-item-2895\"><a href=\"https:\/\/participacion.asambleanacional.gob.ec\/?page_id=2136\" class=\"elementor-sub-item\">Convenios Acad\u00e9micos<\/a><\/li>\n\t<li class=\"menu-item menu-item-type-custom menu-item-object-custom menu-item-2208\"><a href=\"#\" class=\"elementor-sub-item elementor-item-anchor\">Capacitaciones<\/a><\/li>\n\t<li class=\"menu-item menu-item-type-post_type menu-item-object-page menu-item-3227\"><a href=\"https:\/\/participacion.asambleanacional.gob.ec\/?page_id=2131\" class=\"elementor-sub-item\">Investigaci\u00f3n Aplicada<\/a><\/li>\n<\/ul>\n<\/li>\n<\/ul><\/nav>\n\t\t\t\t<\/div>\n\t\t\t\t<\/div>\n\t\t\t\t\t<\/div>\n\t\t<\/div>\n\t\t\t\t\t\t\t<\/div>\n\t\t<\/section>\n\t\t\t\t<section class=\"elementor-section elementor-top-section elementor-element elementor-element-faa382f elementor-section-boxed elementor-section-height-default elementor-section-height-default\" data-id=\"faa382f\" data-element_type=\"section\">\n\t\t\t\t\t\t<div class=\"elementor-container elementor-column-gap-default\">\n\t\t\t\t\t<div class=\"elementor-column elementor-col-100 elementor-top-column elementor-element elementor-element-745c02c\" data-id=\"745c02c\" data-element_type=\"column\">\n\t\t\t<div class=\"elementor-widget-wrap elementor-element-populated\">\n\t\t\t\t\t\t\t\t<div class=\"elementor-element elementor-element-fa6a4dd elementor-widget elementor-widget-html\" data-id=\"fa6a4dd\" data-element_type=\"widget\" data-widget_type=\"html.default\">\n\t\t\t\t<div class=\"elementor-widget-container\">\n\t\t\t<!DOCTYPE html>\n<html lang=\"es\">\n<head>\n    <meta charset=\"UTF-8\">\n    <meta name=\"viewport\" content=\"width=device-width, initial-scale=1.0\">\n    <title>Escuela Legislativa<\/title>\n    <link rel=\"stylesheet\" href=\"https:\/\/cdnjs.cloudflare.com\/ajax\/libs\/font-awesome\/6.4.0\/css\/all.min.css\">\n    <style>\n        * {\n            margin: 0;\n            padding: 0;\n            box-sizing: border-box;\n        }\n\n        body {\n            font-family: -apple-system, BlinkMacSystemFont, 'Segoe UI', Roboto, 'Helvetica Neue', Arial, sans-serif;\n            background: #ffffff;\n            line-height: 1.6;\n            margin: 0 !important;\n            padding: 0 !important;\n            width: 100% !important;\n            max-width: 100% !important;\n            overflow-x: hidden;\n        }\n\n        html {\n            margin: 0 !important;\n            padding: 0 !important;\n        }\n\n        \/* SECCI\u00d3N HERO *\/\n        .hero-section {\n            position: relative;\n            min-height: 500px;\n            width: 100vw;\n            margin-left: calc(-50vw + 50%);\n            margin-right: calc(-50vw + 50%);\n            background-image: url('http:\/\/participacion.asambleanacional.gob.ec\/wp-content\/uploads\/2026\/01\/ESCUELA-LEGISLATIVA-DSC03476.jpg-convertido-a-grande.jpeg');\n            background-size: cover;\n            background-position: center;\n            background-repeat: no-repeat;\n            display: flex;\n            align-items: center;\n            justify-content: center;\n            overflow: hidden;\n        }\n\n        .hero-overlay {\n            position: absolute;\n            top: 0;\n            left: 0;\n            right: 0;\n            bottom: 0;\n            background: linear-gradient(135deg, rgba(0, 51, 104, 0.92) 0%, rgba(0, 77, 153, 0.85) 100%);\n            z-index: 1;\n        }\n\n        .hero-content {\n            position: relative;\n            z-index: 2;\n            max-width: 1200px;\n            margin: 0 auto;\n            padding: 100px 20px;\n            text-align: center;\n            color: white;\n        }\n\n        .hero-icon {\n            width: 120px;\n            height: 120px;\n            margin: 0 auto 35px;\n            background: rgba(253, 185, 19, 0.15);\n            border-radius: 50%;\n            display: flex;\n            align-items: center;\n            justify-content: center;\n            border: 3px solid rgba(253, 185, 19, 0.4);\n        }\n\n        .hero-icon i {\n            font-size: 56px;\n            color: #FDB913;\n        }\n\n        .hero-label {\n            display: inline-block;\n            background: rgba(253, 185, 19, 0.2);\n            color: #FDB913;\n            padding: 8px 24px;\n            border-radius: 30px;\n            font-size: 13px;\n            font-weight: 700;\n            margin-bottom: 20px;\n            letter-spacing: 1.5px;\n            text-transform: uppercase;\n            border: 1px solid rgba(253, 185, 19, 0.4);\n        }\n\n        .hero-title {\n            font-size: 58px;\n            font-weight: 700;\n            color: #FFFFFF;\n            margin-bottom: 30px;\n            line-height: 1.2;\n            letter-spacing: -0.5px;\n        }\n\n        .hero-subtitle {\n            font-size: 21px;\n            color: rgba(255, 255, 255, 0.95);\n            max-width: 900px;\n            margin: 0 auto;\n            line-height: 1.8;\n            font-weight: 500;\n        }\n\n        \/* L\u00ednea decorativa amarilla *\/\n        .yellow-line {\n            width: 100vw;\n            margin-left: calc(-50vw + 50%);\n            margin-right: calc(-50vw + 50%);\n            height: 3px;\n            background: #FDB913;\n            box-shadow: 0 2px 10px rgba(253, 185, 19, 0.3);\n        }\n\n        \/* SECCI\u00d3N DE CONTENIDO PRINCIPAL *\/\n        .main-content {\n            background: linear-gradient(to bottom, #ffffff 0%, #f8f9fa 100%);\n            padding: 90px 20px;\n        }\n\n        .content-wrapper {\n            max-width: 1100px;\n            margin: 0 auto;\n        }\n\n        \/* Mission Box *\/\n        .mission-box {\n            background: white;\n            border-radius: 22px;\n            padding: 55px;\n            box-shadow: 0 10px 40px rgba(0, 0, 0, 0.08);\n            border-left: 6px solid #FDB913;\n            margin-bottom: 70px;\n            position: relative;\n            overflow: hidden;\n        }\n\n        .mission-box::before {\n            content: '';\n            position: absolute;\n            top: -50%;\n            right: -10%;\n            width: 400px;\n            height: 400px;\n            background: radial-gradient(circle, rgba(253, 185, 19, 0.05) 0%, transparent 70%);\n            pointer-events: none;\n        }\n\n        .mission-header {\n            display: flex;\n            align-items: center;\n            gap: 20px;\n            margin-bottom: 25px;\n        }\n\n        .mission-icon {\n            width: 70px;\n            height: 70px;\n            background: linear-gradient(135deg, #e8eaf6 0%, #c5cae9 100%);\n            border-radius: 16px;\n            display: flex;\n            align-items: center;\n            justify-content: center;\n            flex-shrink: 0;\n        }\n\n        .mission-icon i {\n            font-size: 32px;\n            color: #003368;\n        }\n\n        .mission-title {\n            font-size: 32px;\n            font-weight: 700;\n            color: #003368;\n        }\n\n        .mission-text {\n            font-size: 18px;\n            color: #374151;\n            line-height: 1.9;\n            margin-bottom: 20px;\n        }\n\n        .mission-text:last-child {\n            margin-bottom: 0;\n        }\n\n        .mission-text strong {\n            color: #003368;\n            font-weight: 700;\n        }\n\n        \/* Ejes de Acci\u00f3n *\/\n        .ejes-header {\n            text-align: center;\n            margin-bottom: 60px;\n        }\n\n        .section-label {\n            display: inline-block;\n            background: linear-gradient(135deg, #e8eaf6 0%, #c5cae9 100%);\n            color: #003368;\n            padding: 9px 26px;\n            border-radius: 30px;\n            font-size: 12px;\n            font-weight: 700;\n            margin-bottom: 22px;\n            letter-spacing: 1.5px;\n            text-transform: uppercase;\n        }\n\n        .section-title {\n            font-size: 42px;\n            font-weight: 700;\n            color: #003368;\n            margin-bottom: 22px;\n        }\n\n        .section-subtitle {\n            font-size: 19px;\n            color: #4B5563;\n            max-width: 750px;\n            margin: 0 auto;\n            line-height: 1.7;\n        }\n\n        .ejes-grid {\n            display: grid;\n            grid-template-columns: repeat(3, 1fr);\n            gap: 35px;\n            margin-bottom: 80px;\n        }\n\n        .eje-card {\n            background: white;\n            border-radius: 22px;\n            padding: 45px 40px;\n            box-shadow: 0 10px 35px rgba(0, 0, 0, 0.08);\n            transition: all 0.4s ease;\n            border: 2px solid transparent;\n            position: relative;\n            overflow: hidden;\n            text-align: center;\n        }\n\n        .eje-card::before {\n            content: '';\n            position: absolute;\n            top: 0;\n            left: 0;\n            right: 0;\n            height: 5px;\n            background: linear-gradient(90deg, #FDB913 0%, #003368 100%);\n            transform: scaleX(0);\n            transition: transform 0.4s ease;\n        }\n\n        .eje-card:hover::before {\n            transform: scaleX(1);\n        }\n\n        .eje-card:hover {\n            transform: translateY(-12px);\n            box-shadow: 0 18px 50px rgba(0, 0, 0, 0.15);\n            border-color: rgba(253, 185, 19, 0.35);\n        }\n\n        .eje-icon {\n            width: 90px;\n            height: 90px;\n            background: linear-gradient(135deg, #e8eaf6 0%, #c5cae9 100%);\n            border-radius: 18px;\n            display: flex;\n            align-items: center;\n            justify-content: center;\n            margin: 0 auto 25px;\n            transition: all 0.4s ease;\n        }\n\n        .eje-card:hover .eje-icon {\n            background: linear-gradient(135deg, #FDB913 0%, #FFD54F 100%);\n            transform: scale(1.1) rotate(-5deg);\n        }\n\n        .eje-icon i {\n            font-size: 42px;\n            color: #003368;\n        }\n\n        .eje-title {\n            font-size: 24px;\n            font-weight: 700;\n            color: #003368;\n            margin-bottom: 15px;\n            line-height: 1.3;\n        }\n\n        .eje-text {\n            font-size: 16px;\n            color: #4B5563;\n            line-height: 1.8;\n            margin-bottom: 25px;\n        }\n\n        .eje-button {\n            display: inline-flex;\n            align-items: center;\n            gap: 10px;\n            background: #003368;\n            color: white;\n            padding: 12px 28px;\n            border-radius: 50px;\n            font-size: 14px;\n            font-weight: 600;\n            text-decoration: none;\n            transition: all 0.3s ease;\n            border: 2px solid #003368;\n        }\n\n        .eje-button:hover {\n            background: #FDB913;\n            color: #003368;\n            border-color: #FDB913;\n            transform: scale(1.05);\n        }\n\n        .eje-button i {\n            font-size: 14px;\n            transition: transform 0.3s ease;\n        }\n\n        .eje-button:hover i {\n            transform: translateX(4px);\n        }\n\n        \/* SECCI\u00d3N AZUL - RESPONSABILIDADES *\/\n        .responsibilities-section {\n            background: linear-gradient(135deg, #003368 0%, #004d99 50%, #0052a3 100%);\n            padding: 90px 20px;\n            position: relative;\n            overflow: hidden;\n            width: 100vw;\n            margin-left: calc(-50vw + 50%);\n            margin-right: calc(-50vw + 50%);\n        }\n\n        .responsibilities-section::before {\n            content: '';\n            position: absolute;\n            top: 0;\n            left: 0;\n            right: 0;\n            bottom: 0;\n            background-image: \n                radial-gradient(circle at 20% 30%, rgba(253, 185, 19, 0.06) 0%, transparent 50%),\n                radial-gradient(circle at 80% 70%, rgba(255, 255, 255, 0.04) 0%, transparent 50%);\n            pointer-events: none;\n        }\n\n        .responsibilities-container {\n            max-width: 1100px;\n            margin: 0 auto;\n            position: relative;\n            z-index: 2;\n        }\n\n        .section-header {\n            text-align: center;\n            margin-bottom: 70px;\n        }\n\n        .section-label-white {\n            display: inline-block;\n            background: rgba(253, 185, 19, 0.2);\n            color: #FDB913;\n            padding: 8px 24px;\n            border-radius: 30px;\n            font-size: 12px;\n            font-weight: 700;\n            margin-bottom: 20px;\n            letter-spacing: 1.5px;\n            text-transform: uppercase;\n        }\n\n        .section-title-white {\n            font-size: 40px;\n            font-weight: 700;\n            color: #FFFFFF;\n            margin-bottom: 20px;\n            line-height: 1.2;\n        }\n\n        .section-subtitle-white {\n            font-size: 18px;\n            color: rgba(255, 255, 255, 0.9);\n            max-width: 800px;\n            margin: 0 auto;\n            line-height: 1.7;\n        }\n\n        \/* Responsibilities Cards *\/\n        \/* Responsibilities Cards *\/\n        .responsibilities-grid {\n            display: grid;\n            grid-template-columns: repeat(2, 1fr);\n            gap: 30px;\n            margin-bottom: 60px;\n        }\n\n        \/* Centrar la \u00faltima tarjeta cuando hay n\u00famero impar *\/\n        .responsibility-card:last-child:nth-child(odd) {\n            grid-column: 1 \/ -1;\n            max-width: calc(50% - 15px);\n            margin: 0 auto;\n        }\n\n        .responsibility-card {\n            background: white;\n            border-radius: 20px;\n            padding: 40px;\n            box-shadow: 0 10px 35px rgba(0, 0, 0, 0.15);\n            display: flex;\n            gap: 25px;\n            transition: all 0.3s ease;\n            position: relative;\n            overflow: hidden;\n        }\n\n        .responsibility-card::before {\n            content: '';\n            position: absolute;\n            left: 0;\n            top: 0;\n            bottom: 0;\n            width: 5px;\n            background: linear-gradient(180deg, #FDB913 0%, #003368 100%);\n        }\n\n        .responsibility-card:hover {\n            transform: translateX(10px);\n            box-shadow: 0 15px 45px rgba(0, 0, 0, 0.2);\n        }\n\n        .responsibility-icon {\n            width: 65px;\n            height: 65px;\n            background: linear-gradient(135deg, #FDB913 0%, #FFD54F 100%);\n            border-radius: 16px;\n            display: flex;\n            align-items: center;\n            justify-content: center;\n            flex-shrink: 0;\n            box-shadow: 0 5px 20px rgba(253, 185, 19, 0.3);\n        }\n\n        .responsibility-icon i {\n            font-size: 28px;\n            color: #003368;\n        }\n\n        .responsibility-content {\n            flex: 1;\n        }\n\n        .responsibility-text {\n            font-size: 16px;\n            color: #374151;\n            line-height: 1.8;\n        }\n\n        \/* CTA Section *\/\n        .cta-box {\n            background: rgba(255, 255, 255, 0.1);\n            backdrop-filter: blur(10px);\n            border: 2px solid rgba(253, 185, 19, 0.3);\n            border-radius: 20px;\n            padding: 50px;\n            text-align: center;\n        }\n\n        .cta-title {\n            font-size: 28px;\n            font-weight: 700;\n            color: #FDB913;\n            margin-bottom: 20px;\n        }\n\n        .cta-text {\n            font-size: 18px;\n            color: rgba(255, 255, 255, 0.95);\n            margin-bottom: 35px;\n            line-height: 1.7;\n        }\n\n        .cta-buttons {\n            display: flex;\n            gap: 20px;\n            justify-content: center;\n            flex-wrap: wrap;\n        }\n\n        .cta-button {\n            display: inline-flex;\n            align-items: center;\n            gap: 12px;\n            background: #FDB913;\n            color: #003368;\n            padding: 18px 40px;\n            border-radius: 50px;\n            font-size: 16px;\n            font-weight: 700;\n            text-decoration: none;\n            transition: all 0.3s ease;\n            box-shadow: 0 8px 30px rgba(253, 185, 19, 0.5);\n            border: 3px solid transparent;\n        }\n\n        .cta-button:hover {\n            background: #ffffff;\n            color: #003368;\n            border-color: #FDB913;\n            transform: translateY(-4px);\n            box-shadow: 0 12px 40px rgba(253, 185, 19, 0.6);\n        }\n\n        .cta-button.secondary {\n            background: rgba(255, 255, 255, 0.2);\n            color: white;\n            border: 3px solid rgba(255, 255, 255, 0.4);\n        }\n\n        .cta-button.secondary:hover {\n            background: white;\n            color: #003368;\n            border-color: white;\n        }\n\n        .cta-button i {\n            font-size: 18px;\n            transition: transform 0.3s ease;\n        }\n\n        .cta-button:hover i {\n            transform: translateX(5px);\n        }\n\n        \/* Responsive *\/\n        @media (max-width: 968px) {\n            .hero-title {\n                font-size: 40px;\n            }\n\n            .section-title, .section-title-white {\n                font-size: 34px;\n            }\n\n            .ejes-grid {\n                grid-template-columns: 1fr;\n            }\n\n            .responsibilities-grid {\n                grid-template-columns: 1fr;\n            }\n\n            .mission-box, .cta-box {\n                padding: 40px;\n            }\n\n            .mission-header {\n                flex-direction: column;\n                text-align: center;\n            }\n        }\n\n        @media (max-width: 640px) {\n            .hero-title {\n                font-size: 32px;\n            }\n\n            .hero-subtitle {\n                font-size: 17px;\n            }\n\n            .hero-section {\n                min-height: 450px;\n            }\n\n            .hero-content {\n                padding: 80px 15px;\n            }\n\n            .mission-box {\n                padding: 30px 25px;\n            }\n\n            .mission-text {\n                font-size: 16px;\n            }\n\n            .section-title, .section-title-white {\n                font-size: 28px;\n            }\n\n            .eje-card {\n                padding: 35px 30px;\n            }\n\n            .responsibility-card {\n                padding: 30px 25px;\n                flex-direction: column;\n                text-align: center;\n            }\n\n            .cta-box {\n                padding: 35px 25px;\n            }\n\n            .cta-buttons {\n                flex-direction: column;\n                align-items: stretch;\n            }\n\n            .cta-button {\n                padding: 16px 30px;\n                font-size: 15px;\n            }\n\n            .main-content, .responsibilities-section {\n                padding: 60px 15px;\n            }\n        }\n    <\/style>\n<\/head>\n<body>\n    <!-- SECCI\u00d3N HERO -->\n    <div class=\"hero-section\">\n        <div class=\"hero-overlay\"><\/div>\n        <div class=\"hero-content\">\n            <div class=\"hero-icon\">\n                <i class=\"fas fa-graduation-cap\"><\/i>\n            <\/div>\n            <div class=\"hero-label\">Formaci\u00f3n y Conocimiento Legislativo<\/div>\n            <h1 class=\"hero-title\">Escuela Legislativa<\/h1>\n            <p class=\"hero-subtitle\">\n                Fortaleciendo los procesos legislativos y de fiscalizaci\u00f3n mediante capacitaci\u00f3n especializada, investigaci\u00f3n aplicada y espacios acad\u00e9micos de alto nivel.\n            <\/p>\n        <\/div>\n    <\/div>\n\n    <!-- L\u00cdNEA AMARILLA DECORATIVA -->\n    <div class=\"yellow-line\"><\/div>\n\n    <!-- SECCI\u00d3N DE CONTENIDO PRINCIPAL -->\n    <div class=\"main-content\">\n        <div class=\"content-wrapper\">\n            <!-- Mission Box -->\n            <div class=\"mission-box\">\n                <div class=\"mission-header\">\n                    <div class=\"mission-icon\">\n                        <i class=\"fas fa-bullseye\"><\/i>\n                    <\/div>\n                    <h2 class=\"mission-title\">Nuestra Misi\u00f3n<\/h2>\n                <\/div>\n                <p class=\"mission-text\">\n                    La <strong>Escuela Legislativa<\/strong> tiene como misi\u00f3n aportar con insumos de calidad y pertinencia en el \u00e1mbito te\u00f3rico, t\u00e9cnico y de valores democr\u00e1ticos, que fortalezcan los procesos legislativos y de fiscalizaci\u00f3n de la Asamblea Nacional.\n                <\/p>\n                <p class=\"mission-text\">\n                    Para ello, dise\u00f1a y desarrolla <strong>proyectos de investigaci\u00f3n<\/strong>, <strong>programas de capacitaci\u00f3n<\/strong> y <strong>espacios acad\u00e9micos especializados<\/strong> en temas relacionados con la funci\u00f3n legislativa.\n                <\/p>\n            <\/div>\n\n            <!-- Ejes de Acci\u00f3n -->\n            <div class=\"ejes-header\">\n                <div class=\"section-label\">\u00c1reas de Trabajo<\/div>\n                <h2 class=\"section-title\">Ejes de Acci\u00f3n<\/h2>\n                <p class=\"section-subtitle\">\n                    Tres pilares fundamentales que sustentan nuestro trabajo institucional\n                <\/p>\n            <\/div>\n\n            <div class=\"ejes-grid\">\n                <div class=\"eje-card\">\n                    <div class=\"eje-icon\">\n                        <i class=\"fas fa-chalkboard-teacher\"><\/i>\n                    <\/div>\n                    <h3 class=\"eje-title\">Capacitaci\u00f3n<\/h3>\n                    <p class=\"eje-text\">\n                        Formaci\u00f3n continua para asamble\u00edstas, servidores legislativos y ciudadan\u00eda interesada en temas parlamentarios.\n                    <\/p>\n                    <a href=\"#\" class=\"eje-button\">\n                        Ver Programas\n                        <i class=\"fas fa-arrow-right\"><\/i>\n                    <\/a>\n                <\/div>\n\n                <div class=\"eje-card\">\n                    <div class=\"eje-icon\">\n                        <i class=\"fas fa-microscope\"><\/i>\n                    <\/div>\n                    <h3 class=\"eje-title\">Investigaci\u00f3n<\/h3>\n                    <p class=\"eje-text\">\n                        Desarrollo de estudios especializados que aportan a la creaci\u00f3n y mejora de leyes.\n                    <\/p>\n                    <a href=\"https:\/\/participacion.asambleanacional.gob.ec\/?page_id=2131\" class=\"eje-button\">\n                        Ver Investigaciones\n                        <i class=\"fas fa-arrow-right\"><\/i>\n                    <\/a>\n                <\/div>\n\n                <div class=\"eje-card\">\n                    <div class=\"eje-icon\">\n                        <i class=\"fas fa-handshake\"><\/i>\n                    <\/div>\n                    <h3 class=\"eje-title\">Convenios Acad\u00e9micos<\/h3>\n                    <p class=\"eje-text\">\n                        Alianzas con universidades e institutos nacionales e internacionales para fortalecer la formaci\u00f3n y la cooperaci\u00f3n acad\u00e9mica.\n                    <\/p>\n                    <a href=\"https:\/\/participacion.asambleanacional.gob.ec\/?page_id=2136\" class=\"eje-button\">\n                        Ver Alianzas\n                        <i class=\"fas fa-arrow-right\"><\/i>\n                    <\/a>\n                <\/div>\n            <\/div>\n        <\/div>\n    <\/div>\n\n    <!-- SECCI\u00d3N AZUL - RESPONSABILIDADES -->\n    <div class=\"responsibilities-section\">\n        <div class=\"responsibilities-container\">\n            <div class=\"section-header\">\n                <div class=\"section-label-white\">Nuestro Compromiso<\/div>\n                <h2 class=\"section-title-white\">Responsabilidades de la Escuela Legislativa<\/h2>\n                <p class=\"section-subtitle-white\">\n                    Funciones estrat\u00e9gicas que fortalecen la capacidad t\u00e9cnica y acad\u00e9mica de la Asamblea Nacional\n                <\/p>\n            <\/div>\n\n            <!-- Responsibilities Cards -->\n            <div class=\"responsibilities-grid\">\n                <div class=\"responsibility-card\">\n                    <div class=\"responsibility-icon\">\n                        <i class=\"fas fa-user-graduate\"><\/i>\n                    <\/div>\n                    <div class=\"responsibility-content\">\n                        <p class=\"responsibility-text\">\n                            Dise\u00f1a y dirige procesos de <strong>capacitaci\u00f3n especializada<\/strong> para asamble\u00edstas y servidores legislativos en \u00e1reas vinculadas con el quehacer parlamentario y el control pol\u00edtico.\n                        <\/p>\n                    <\/div>\n                <\/div>\n\n                <div class=\"responsibility-card\">\n                    <div class=\"responsibility-icon\">\n                        <i class=\"fas fa-flask\"><\/i>\n                    <\/div>\n                    <div class=\"responsibility-content\">\n                        <p class=\"responsibility-text\">\n                            Coordina <strong>proyectos de investigaci\u00f3n aplicada<\/strong> en temas relacionados con la funci\u00f3n legislativa.\n                        <\/p>\n                    <\/div>\n                <\/div>\n\n                <div class=\"responsibility-card\">\n                    <div class=\"responsibility-icon\">\n                        <i class=\"fas fa-calendar-alt\"><\/i>\n                    <\/div>\n                    <div class=\"responsibility-content\">\n                        <p class=\"responsibility-text\">\n                            Planifica y desarrolla <strong>eventos acad\u00e9micos<\/strong> de relevancia nacional e internacional.\n                        <\/p>\n                    <\/div>\n                <\/div>\n\n                <div class=\"responsibility-card\">\n                    <div class=\"responsibility-icon\">\n                        <i class=\"fas fa-users\"><\/i>\n                    <\/div>\n                    <div class=\"responsibility-content\">\n                        <p class=\"responsibility-text\">\n                            Promueve la <strong>participaci\u00f3n ciudadana<\/strong> a trav\u00e9s de actividades acad\u00e9micas descentralizadas.\n                        <\/p>\n                    <\/div>\n                <\/div>\n\n                <div class=\"responsibility-card\">\n                    <div class=\"responsibility-icon\">\n                        <i class=\"fas fa-network-wired\"><\/i>\n                    <\/div>\n                    <div class=\"responsibility-content\">\n                        <p class=\"responsibility-text\">\n                            Gestiona <strong>convenios y alianzas acad\u00e9micas<\/strong> para potenciar la formaci\u00f3n y la cooperaci\u00f3n institucional.\n                        <\/p>\n                    <\/div>\n                <\/div>\n            <\/div>\n\n            <!-- CTA Box -->\n            <div class=\"cta-box\">\n                <h3 class=\"cta-title\">\u00danete a la Escuela Legislativa<\/h3>\n                <p class=\"cta-text\">\n                    Descubre nuestros programas de formaci\u00f3n, consulta nuestras investigaciones y conoce las oportunidades de colaboraci\u00f3n acad\u00e9mica disponibles.\n                <\/p>\n                \n            <\/div>\n        <\/div>\n    <\/div>\n<\/body>\n<\/html>\t\t<\/div>\n\t\t\t\t<\/div>\n\t\t\t\t\t<\/div>\n\t\t<\/div>\n\t\t\t\t\t\t\t<\/div>\n\t\t<\/section>\n\t\t\t\t\t\t<\/div>\n\t\t\t\t\t<\/div>\n\t\t","protected":false},"excerpt":{"rendered":"<p>Escuela Legislativa Formaci\u00f3n y Conocimiento Legislativo Escuela Legislativa Fortaleciendo los procesos legislativos y de fiscalizaci\u00f3n mediante capacitaci\u00f3n especializada, investigaci\u00f3n aplicada y espacios acad\u00e9micos de alto nivel. Nuestra Misi\u00f3n La Escuela Legislativa tiene como misi\u00f3n aportar con insumos de calidad y pertinencia en el \u00e1mbito te\u00f3rico, t\u00e9cnico y de valores democr\u00e1ticos, que fortalezcan los procesos legislativos [&hellip;]<\/p>\n","protected":false},"author":3,"featured_media":0,"parent":0,"menu_order":0,"comment_status":"closed","ping_status":"closed","template":"","meta":{"footnotes":""},"class_list":["post-2070","page","type-page","status-publish","hentry"],"_links":{"self":[{"href":"https:\/\/participacion.asambleanacional.gob.ec\/index.php?rest_route=\/wp\/v2\/pages\/2070","targetHints":{"allow":["GET"]}}],"collection":[{"href":"https:\/\/participacion.asambleanacional.gob.ec\/index.php?rest_route=\/wp\/v2\/pages"}],"about":[{"href":"https:\/\/participacion.asambleanacional.gob.ec\/index.php?rest_route=\/wp\/v2\/types\/page"}],"author":[{"embeddable":true,"href":"https:\/\/participacion.asambleanacional.gob.ec\/index.php?rest_route=\/wp\/v2\/users\/3"}],"replies":[{"embeddable":true,"href":"https:\/\/participacion.asambleanacional.gob.ec\/index.php?rest_route=%2Fwp%2Fv2%2Fcomments&post=2070"}],"version-history":[{"count":31,"href":"https:\/\/participacion.asambleanacional.gob.ec\/index.php?rest_route=\/wp\/v2\/pages\/2070\/revisions"}],"predecessor-version":[{"id":3230,"href":"https:\/\/participacion.asambleanacional.gob.ec\/index.php?rest_route=\/wp\/v2\/pages\/2070\/revisions\/3230"}],"wp:attachment":[{"href":"https:\/\/participacion.asambleanacional.gob.ec\/index.php?rest_route=%2Fwp%2Fv2%2Fmedia&parent=2070"}],"curies":[{"name":"wp","href":"https:\/\/api.w.org\/{rel}","templated":true}]}}