{"id":1837,"date":"2026-01-26T13:14:15","date_gmt":"2026-01-26T18:14:15","guid":{"rendered":"https:\/\/participacion.asambleanacional.gob.ec\/?page_id=1837"},"modified":"2026-02-19T15:04:15","modified_gmt":"2026-02-19T20:04:15","slug":"galapagos-mapa","status":"publish","type":"page","link":"https:\/\/participacion.asambleanacional.gob.ec\/?page_id=1837","title":{"rendered":"Galapagos-mapa"},"content":{"rendered":"\t\t<div data-elementor-type=\"wp-page\" data-elementor-id=\"1837\" class=\"elementor elementor-1837\" data-elementor-settings=\"[]\">\n\t\t\t\t\t\t\t<div class=\"elementor-section-wrap\">\n\t\t\t\t\t\t\t<section class=\"elementor-section elementor-top-section elementor-element elementor-element-eba386f elementor-section-stretched elementor-section-boxed elementor-section-height-default elementor-section-height-default\" data-id=\"eba386f\" data-element_type=\"section\" data-settings=\"{&quot;stretch_section&quot;:&quot;section-stretched&quot;}\">\n\t\t\t\t\t\t<div class=\"elementor-container elementor-column-gap-default\">\n\t\t\t\t\t<div class=\"elementor-column elementor-col-33 elementor-top-column elementor-element elementor-element-5bd4c50\" data-id=\"5bd4c50\" data-element_type=\"column\">\n\t\t\t<div class=\"elementor-widget-wrap elementor-element-populated\">\n\t\t\t\t\t\t\t\t<div class=\"elementor-element elementor-element-ec3d389 elementor-widget elementor-widget-text-editor\" data-id=\"ec3d389\" data-element_type=\"widget\" data-widget_type=\"text-editor.default\">\n\t\t\t\t<div class=\"elementor-widget-container\">\n\t\t\t\t\t<div class=\"elementor-text-editor elementor-clearfix\"><a href=\"http:\/\/participacion.asambleanacional.gob.ec\/\"><img loading=\"lazy\" decoding=\"async\" class=\"alignnone size-medium wp-image-1376\" src=\"https:\/\/www.asambleanacional.gob.ec\/sites\/all\/themes\/asamblea\/logo-original.png\" alt=\"\" width=\"300\" height=\"115\" \/><\/a><\/div>\n\t\t\t\t<\/div>\n\t\t\t\t<\/div>\n\t\t\t\t\t<\/div>\n\t\t<\/div>\n\t\t\t\t<div class=\"elementor-column elementor-col-66 elementor-top-column elementor-element elementor-element-13ba823\" data-id=\"13ba823\" data-element_type=\"column\">\n\t\t\t<div class=\"elementor-widget-wrap elementor-element-populated\">\n\t\t\t\t\t\t\t\t<div class=\"elementor-element elementor-element-e465d17 elementor-nav-menu__align-left elementor-nav-menu--stretch elementor-nav-menu--indicator-none elementor-nav-menu--dropdown-tablet elementor-nav-menu__text-align-aside elementor-nav-menu--toggle elementor-nav-menu--burger elementor-widget elementor-widget-nav-menu\" data-id=\"e465d17\" data-element_type=\"widget\" data-settings=\"{&quot;full_width&quot;:&quot;stretch&quot;,&quot;layout&quot;:&quot;horizontal&quot;,&quot;toggle&quot;:&quot;burger&quot;}\" data-widget_type=\"nav-menu.default\">\n\t\t\t\t<div class=\"elementor-widget-container\">\n\t\t\t\t\t\t<nav role=\"navigation\" class=\"elementor-nav-menu--main elementor-nav-menu__container elementor-nav-menu--layout-horizontal e--pointer-none\"><ul id=\"menu-1-e465d17\" class=\"elementor-nav-menu\"><li class=\"menu-item menu-item-type-custom menu-item-object-custom menu-item-2865\"><a href=\"?page_id=1406\" class=\"elementor-item\">Inicio<\/a><\/li>\n<li class=\"menu-item menu-item-type-custom menu-item-object-custom menu-item-has-children menu-item-1567\"><a href=\"#\" class=\"elementor-item elementor-item-anchor\">Coordinaci\u00f3n de Participaci\u00f3n Ciudadana<\/a>\n<ul class=\"sub-menu elementor-nav-menu--dropdown\">\n\t<li class=\"menu-item menu-item-type-post_type menu-item-object-page menu-item-2861\"><a href=\"https:\/\/participacion.asambleanacional.gob.ec\/?page_id=2010\" class=\"elementor-sub-item\">Qui\u00e9nes Somos<\/a><\/li>\n<\/ul>\n<\/li>\n<li class=\"menu-item menu-item-type-post_type menu-item-object-page menu-item-has-children menu-item-3076\"><a href=\"https:\/\/participacion.asambleanacional.gob.ec\/?page_id=2423\" class=\"elementor-item\">Casas Legislativas<\/a>\n<ul class=\"sub-menu elementor-nav-menu--dropdown\">\n\t<li class=\"menu-item menu-item-type-custom menu-item-object-custom menu-item-has-children menu-item-1846\"><a href=\"#\" class=\"elementor-sub-item elementor-item-anchor\">Formularios<\/a>\n\t<ul class=\"sub-menu elementor-nav-menu--dropdown\">\n\t\t<li class=\"menu-item menu-item-type-custom menu-item-object-custom menu-item-1726\"><a href=\"https:\/\/encuestas.asambleanacional.gob.ec\/index.php\/644793?lang=es\" class=\"elementor-sub-item\">Formulario uso de las Casas Legislativas y\/o Bienes<\/a><\/li>\n\t\t<li class=\"menu-item menu-item-type-custom menu-item-object-custom menu-item-1845\"><a href=\"https:\/\/encuestas.asambleanacional.gob.ec\/index.php\/671486?lang=es\" class=\"elementor-sub-item\">Formulario Apoyo En Territorio<\/a><\/li>\n\t\t<li class=\"menu-item menu-item-type-custom menu-item-object-custom menu-item-1847\"><a href=\"https:\/\/encuestas.asambleanacional.gob.ec\/index.php\/792889?lang=es\" class=\"elementor-sub-item\">Formulario Solicitud De Capacitaci\u00f3n<\/a><\/li>\n\t\t<li class=\"menu-item menu-item-type-custom menu-item-object-custom menu-item-1848\"><a href=\"https:\/\/encuestas.asambleanacional.gob.ec\/index.php\/428831?lang=es\" class=\"elementor-sub-item\">Encuesta De Satisfacci\u00f3n Gesti\u00f3n De Casas Legislativas<\/a><\/li>\n\t<\/ul>\n<\/li>\n<\/ul>\n<\/li>\n<li class=\"menu-item menu-item-type-post_type menu-item-object-page menu-item-has-children menu-item-2974\"><a href=\"https:\/\/participacion.asambleanacional.gob.ec\/?page_id=1843\" class=\"elementor-item\">Vinculaci\u00f3n y Participaci\u00f3n<\/a>\n<ul class=\"sub-menu elementor-nav-menu--dropdown\">\n\t<li class=\"menu-item menu-item-type-post_type menu-item-object-page menu-item-has-children menu-item-3159\"><a href=\"https:\/\/participacion.asambleanacional.gob.ec\/?page_id=3071\" class=\"elementor-sub-item\">Mecanismos de Participaci\u00f3n Ciudadana<\/a>\n\t<ul class=\"sub-menu elementor-nav-menu--dropdown\">\n\t\t<li class=\"menu-item menu-item-type-post_type menu-item-object-page menu-item-2981\"><a href=\"https:\/\/participacion.asambleanacional.gob.ec\/?page_id=1933\" class=\"elementor-sub-item\">Consulta Prelegislativa<\/a><\/li>\n\t\t<li class=\"menu-item menu-item-type-post_type menu-item-object-page menu-item-2985\"><a href=\"https:\/\/participacion.asambleanacional.gob.ec\/?page_id=1944\" class=\"elementor-sub-item\">Asamble\u00edsta por un D\u00eda<\/a><\/li>\n\t\t<li class=\"menu-item menu-item-type-post_type menu-item-object-page menu-item-has-children menu-item-2995\"><a href=\"https:\/\/participacion.asambleanacional.gob.ec\/?page_id=1946\" class=\"elementor-sub-item\">Recepci\u00f3n de Sugerencias y Observaciones<\/a>\n\t\t<ul class=\"sub-menu elementor-nav-menu--dropdown\">\n\t\t\t<li class=\"menu-item menu-item-type-post_type menu-item-object-page menu-item-3014\"><a href=\"https:\/\/participacion.asambleanacional.gob.ec\/?page_id=1948\" class=\"elementor-sub-item\">Participacion Ciudadana en Comisiones Generales<\/a><\/li>\n\t\t\t<li class=\"menu-item menu-item-type-post_type menu-item-object-page menu-item-3015\"><a href=\"https:\/\/participacion.asambleanacional.gob.ec\/?page_id=1950\" class=\"elementor-sub-item\">Plataforma Virtual Participa 2.0<\/a><\/li>\n\t\t\t<li class=\"menu-item menu-item-type-post_type menu-item-object-page menu-item-3016\"><a href=\"https:\/\/participacion.asambleanacional.gob.ec\/?page_id=1952\" class=\"elementor-sub-item\">Simulaciones Parlamentarias<\/a><\/li>\n\t\t<\/ul>\n<\/li>\n\t\t<li class=\"menu-item menu-item-type-post_type menu-item-object-page menu-item-3032\"><a href=\"https:\/\/participacion.asambleanacional.gob.ec\/?page_id=1954\" class=\"elementor-sub-item\">Foros de Consulta<\/a><\/li>\n\t\t<li class=\"menu-item menu-item-type-post_type menu-item-object-page menu-item-3036\"><a href=\"https:\/\/participacion.asambleanacional.gob.ec\/?page_id=1956\" class=\"elementor-sub-item\">Mesas Itinerantes<\/a><\/li>\n\t<\/ul>\n<\/li>\n\t<li class=\"menu-item menu-item-type-post_type menu-item-object-page menu-item-has-children menu-item-3043\"><a href=\"https:\/\/participacion.asambleanacional.gob.ec\/?page_id=1931\" class=\"elementor-sub-item\">Mecanismos de Interacci\u00f3n<\/a>\n\t<ul class=\"sub-menu elementor-nav-menu--dropdown\">\n\t\t<li class=\"menu-item menu-item-type-post_type menu-item-object-page menu-item-3044\"><a href=\"https:\/\/participacion.asambleanacional.gob.ec\/?page_id=1958\" class=\"elementor-sub-item\">Ruta Legislativa<\/a><\/li>\n\t\t<li class=\"menu-item menu-item-type-post_type menu-item-object-page menu-item-3048\"><a href=\"https:\/\/participacion.asambleanacional.gob.ec\/?page_id=1961\" class=\"elementor-sub-item\">Visitas Guiadas<\/a><\/li>\n\t<\/ul>\n<\/li>\n<\/ul>\n<\/li>\n<li class=\"menu-item menu-item-type-post_type menu-item-object-page menu-item-has-children menu-item-2885\"><a href=\"https:\/\/participacion.asambleanacional.gob.ec\/?page_id=2070\" class=\"elementor-item\">Escuela Legislativa<\/a>\n<ul class=\"sub-menu elementor-nav-menu--dropdown\">\n\t<li class=\"menu-item menu-item-type-post_type menu-item-object-page menu-item-2895\"><a href=\"https:\/\/participacion.asambleanacional.gob.ec\/?page_id=2136\" class=\"elementor-sub-item\">Convenios Acad\u00e9micos<\/a><\/li>\n\t<li class=\"menu-item menu-item-type-custom menu-item-object-custom menu-item-2208\"><a href=\"#\" class=\"elementor-sub-item elementor-item-anchor\">Capacitaciones<\/a><\/li>\n\t<li class=\"menu-item menu-item-type-post_type menu-item-object-page menu-item-3227\"><a href=\"https:\/\/participacion.asambleanacional.gob.ec\/?page_id=2131\" class=\"elementor-sub-item\">Investigaci\u00f3n Aplicada<\/a><\/li>\n<\/ul>\n<\/li>\n<\/ul><\/nav>\n\t\t\t\t\t<div class=\"elementor-menu-toggle\" role=\"button\" tabindex=\"0\" aria-label=\"Menu Toggle\" aria-expanded=\"false\">\n\t\t\t<i class=\"eicon-menu-bar\" aria-hidden=\"true\"><\/i>\n\t\t\t<span class=\"elementor-screen-only\">Menu<\/span>\n\t\t<\/div>\n\t\t\t<nav class=\"elementor-nav-menu--dropdown elementor-nav-menu__container\" role=\"navigation\" aria-hidden=\"true\"><ul id=\"menu-2-e465d17\" class=\"elementor-nav-menu\"><li class=\"menu-item menu-item-type-custom menu-item-object-custom menu-item-2865\"><a href=\"?page_id=1406\" class=\"elementor-item\">Inicio<\/a><\/li>\n<li class=\"menu-item menu-item-type-custom menu-item-object-custom menu-item-has-children menu-item-1567\"><a href=\"#\" class=\"elementor-item elementor-item-anchor\">Coordinaci\u00f3n de Participaci\u00f3n Ciudadana<\/a>\n<ul class=\"sub-menu elementor-nav-menu--dropdown\">\n\t<li class=\"menu-item menu-item-type-post_type menu-item-object-page menu-item-2861\"><a href=\"https:\/\/participacion.asambleanacional.gob.ec\/?page_id=2010\" class=\"elementor-sub-item\">Qui\u00e9nes Somos<\/a><\/li>\n<\/ul>\n<\/li>\n<li class=\"menu-item menu-item-type-post_type menu-item-object-page menu-item-has-children menu-item-3076\"><a href=\"https:\/\/participacion.asambleanacional.gob.ec\/?page_id=2423\" class=\"elementor-item\">Casas Legislativas<\/a>\n<ul class=\"sub-menu elementor-nav-menu--dropdown\">\n\t<li class=\"menu-item menu-item-type-custom menu-item-object-custom menu-item-has-children menu-item-1846\"><a href=\"#\" class=\"elementor-sub-item elementor-item-anchor\">Formularios<\/a>\n\t<ul class=\"sub-menu elementor-nav-menu--dropdown\">\n\t\t<li class=\"menu-item menu-item-type-custom menu-item-object-custom menu-item-1726\"><a href=\"https:\/\/encuestas.asambleanacional.gob.ec\/index.php\/644793?lang=es\" class=\"elementor-sub-item\">Formulario uso de las Casas Legislativas y\/o Bienes<\/a><\/li>\n\t\t<li class=\"menu-item menu-item-type-custom menu-item-object-custom menu-item-1845\"><a href=\"https:\/\/encuestas.asambleanacional.gob.ec\/index.php\/671486?lang=es\" class=\"elementor-sub-item\">Formulario Apoyo En Territorio<\/a><\/li>\n\t\t<li class=\"menu-item menu-item-type-custom menu-item-object-custom menu-item-1847\"><a href=\"https:\/\/encuestas.asambleanacional.gob.ec\/index.php\/792889?lang=es\" class=\"elementor-sub-item\">Formulario Solicitud De Capacitaci\u00f3n<\/a><\/li>\n\t\t<li class=\"menu-item menu-item-type-custom menu-item-object-custom menu-item-1848\"><a href=\"https:\/\/encuestas.asambleanacional.gob.ec\/index.php\/428831?lang=es\" class=\"elementor-sub-item\">Encuesta De Satisfacci\u00f3n Gesti\u00f3n De Casas Legislativas<\/a><\/li>\n\t<\/ul>\n<\/li>\n<\/ul>\n<\/li>\n<li class=\"menu-item menu-item-type-post_type menu-item-object-page menu-item-has-children menu-item-2974\"><a href=\"https:\/\/participacion.asambleanacional.gob.ec\/?page_id=1843\" class=\"elementor-item\">Vinculaci\u00f3n y Participaci\u00f3n<\/a>\n<ul class=\"sub-menu elementor-nav-menu--dropdown\">\n\t<li class=\"menu-item menu-item-type-post_type menu-item-object-page menu-item-has-children menu-item-3159\"><a href=\"https:\/\/participacion.asambleanacional.gob.ec\/?page_id=3071\" class=\"elementor-sub-item\">Mecanismos de Participaci\u00f3n Ciudadana<\/a>\n\t<ul class=\"sub-menu elementor-nav-menu--dropdown\">\n\t\t<li class=\"menu-item menu-item-type-post_type menu-item-object-page menu-item-2981\"><a href=\"https:\/\/participacion.asambleanacional.gob.ec\/?page_id=1933\" class=\"elementor-sub-item\">Consulta Prelegislativa<\/a><\/li>\n\t\t<li class=\"menu-item menu-item-type-post_type menu-item-object-page menu-item-2985\"><a href=\"https:\/\/participacion.asambleanacional.gob.ec\/?page_id=1944\" class=\"elementor-sub-item\">Asamble\u00edsta por un D\u00eda<\/a><\/li>\n\t\t<li class=\"menu-item menu-item-type-post_type menu-item-object-page menu-item-has-children menu-item-2995\"><a href=\"https:\/\/participacion.asambleanacional.gob.ec\/?page_id=1946\" class=\"elementor-sub-item\">Recepci\u00f3n de Sugerencias y Observaciones<\/a>\n\t\t<ul class=\"sub-menu elementor-nav-menu--dropdown\">\n\t\t\t<li class=\"menu-item menu-item-type-post_type menu-item-object-page menu-item-3014\"><a href=\"https:\/\/participacion.asambleanacional.gob.ec\/?page_id=1948\" class=\"elementor-sub-item\">Participacion Ciudadana en Comisiones Generales<\/a><\/li>\n\t\t\t<li class=\"menu-item menu-item-type-post_type menu-item-object-page menu-item-3015\"><a href=\"https:\/\/participacion.asambleanacional.gob.ec\/?page_id=1950\" class=\"elementor-sub-item\">Plataforma Virtual Participa 2.0<\/a><\/li>\n\t\t\t<li class=\"menu-item menu-item-type-post_type menu-item-object-page menu-item-3016\"><a href=\"https:\/\/participacion.asambleanacional.gob.ec\/?page_id=1952\" class=\"elementor-sub-item\">Simulaciones Parlamentarias<\/a><\/li>\n\t\t<\/ul>\n<\/li>\n\t\t<li class=\"menu-item menu-item-type-post_type menu-item-object-page menu-item-3032\"><a href=\"https:\/\/participacion.asambleanacional.gob.ec\/?page_id=1954\" class=\"elementor-sub-item\">Foros de Consulta<\/a><\/li>\n\t\t<li class=\"menu-item menu-item-type-post_type menu-item-object-page menu-item-3036\"><a href=\"https:\/\/participacion.asambleanacional.gob.ec\/?page_id=1956\" class=\"elementor-sub-item\">Mesas Itinerantes<\/a><\/li>\n\t<\/ul>\n<\/li>\n\t<li class=\"menu-item menu-item-type-post_type menu-item-object-page menu-item-has-children menu-item-3043\"><a href=\"https:\/\/participacion.asambleanacional.gob.ec\/?page_id=1931\" class=\"elementor-sub-item\">Mecanismos de Interacci\u00f3n<\/a>\n\t<ul class=\"sub-menu elementor-nav-menu--dropdown\">\n\t\t<li class=\"menu-item menu-item-type-post_type menu-item-object-page menu-item-3044\"><a href=\"https:\/\/participacion.asambleanacional.gob.ec\/?page_id=1958\" class=\"elementor-sub-item\">Ruta Legislativa<\/a><\/li>\n\t\t<li class=\"menu-item menu-item-type-post_type menu-item-object-page menu-item-3048\"><a href=\"https:\/\/participacion.asambleanacional.gob.ec\/?page_id=1961\" class=\"elementor-sub-item\">Visitas Guiadas<\/a><\/li>\n\t<\/ul>\n<\/li>\n<\/ul>\n<\/li>\n<li class=\"menu-item menu-item-type-post_type menu-item-object-page menu-item-has-children menu-item-2885\"><a href=\"https:\/\/participacion.asambleanacional.gob.ec\/?page_id=2070\" class=\"elementor-item\">Escuela Legislativa<\/a>\n<ul class=\"sub-menu elementor-nav-menu--dropdown\">\n\t<li class=\"menu-item menu-item-type-post_type menu-item-object-page menu-item-2895\"><a href=\"https:\/\/participacion.asambleanacional.gob.ec\/?page_id=2136\" class=\"elementor-sub-item\">Convenios Acad\u00e9micos<\/a><\/li>\n\t<li class=\"menu-item menu-item-type-custom menu-item-object-custom menu-item-2208\"><a href=\"#\" class=\"elementor-sub-item elementor-item-anchor\">Capacitaciones<\/a><\/li>\n\t<li class=\"menu-item menu-item-type-post_type menu-item-object-page menu-item-3227\"><a href=\"https:\/\/participacion.asambleanacional.gob.ec\/?page_id=2131\" class=\"elementor-sub-item\">Investigaci\u00f3n Aplicada<\/a><\/li>\n<\/ul>\n<\/li>\n<\/ul><\/nav>\n\t\t\t\t<\/div>\n\t\t\t\t<\/div>\n\t\t\t\t\t<\/div>\n\t\t<\/div>\n\t\t\t\t\t\t\t<\/div>\n\t\t<\/section>\n\t\t\t\t<section class=\"elementor-section elementor-top-section elementor-element elementor-element-511f3b5 elementor-section-boxed elementor-section-height-default elementor-section-height-default\" data-id=\"511f3b5\" data-element_type=\"section\">\n\t\t\t\t\t\t<div class=\"elementor-container elementor-column-gap-default\">\n\t\t\t\t\t<div class=\"elementor-column elementor-col-100 elementor-top-column elementor-element elementor-element-f7112cb\" data-id=\"f7112cb\" data-element_type=\"column\">\n\t\t\t<div class=\"elementor-widget-wrap elementor-element-populated\">\n\t\t\t\t\t\t\t\t<div class=\"elementor-element elementor-element-f51dcc1 elementor-widget elementor-widget-html\" data-id=\"f51dcc1\" data-element_type=\"widget\" data-widget_type=\"html.default\">\n\t\t\t\t<div class=\"elementor-widget-container\">\n\t\t\t<!DOCTYPE html>\n<html lang=\"es\">\n<head>\n    <meta charset=\"UTF-8\">\n    <meta name=\"viewport\" content=\"width=device-width, initial-scale=1.0\">\n    <title>Oficina Territorial - Gal\u00e1pagos<\/title>\n    <link rel=\"stylesheet\" href=\"https:\/\/cdnjs.cloudflare.com\/ajax\/libs\/font-awesome\/6.4.0\/css\/all.min.css\">\n    <style>\n        * {\n            margin: 0;\n            padding: 0;\n            box-sizing: border-box;\n        }\n\n        body {\n            font-family: -apple-system, BlinkMacSystemFont, 'Segoe UI', Roboto, 'Helvetica Neue', Arial, sans-serif;\n            background: #f8f9fa;\n            line-height: 1.6;\n        }\n\n        \/* HERO COMPACTO *\/\n        .hero-compact {\n            position: relative;\n            padding: 60px 20px;\n            background: linear-gradient(135deg, #003368 0%, #0052a3 50%, #0066cc 100%);\n            overflow: hidden;\n            width: 100vw;\n            margin-left: calc(-50vw + 50%);\n            margin-right: calc(-50vw + 50%);\n        }\n\n        .hero-compact::before {\n            content: '';\n            position: absolute;\n            top: 0;\n            left: 0;\n            right: 0;\n            bottom: 0;\n            background-image: \n                radial-gradient(circle at 20% 30%, rgba(253, 185, 19, 0.08) 0%, transparent 50%),\n                radial-gradient(circle at 80% 70%, rgba(255, 255, 255, 0.05) 0%, transparent 50%);\n            pointer-events: none;\n        }\n\n        .hero-compact-content {\n            position: relative;\n            z-index: 2;\n            max-width: 1200px;\n            margin: 0 auto;\n            text-align: center;\n        }\n\n        .hero-compact-badge {\n            display: inline-flex;\n            align-items: center;\n            gap: 8px;\n            background: rgba(253, 185, 19, 0.2);\n            color: #FDB913;\n            padding: 8px 20px;\n            border-radius: 50px;\n            font-size: 12px;\n            font-weight: 700;\n            margin-bottom: 20px;\n            letter-spacing: 1px;\n            text-transform: uppercase;\n            border: 2px solid rgba(253, 185, 19, 0.3);\n            backdrop-filter: blur(10px);\n        }\n\n        .hero-compact-badge i {\n            font-size: 14px;\n        }\n\n        .hero-compact-title {\n            font-size: 42px;\n            font-weight: 700;\n            color: #FFFFFF;\n            margin-bottom: 15px;\n            line-height: 1.2;\n            letter-spacing: -0.5px;\n        }\n\n        .hero-compact-subtitle {\n            font-size: 18px;\n            color: rgba(255, 255, 255, 0.9);\n            max-width: 800px;\n            margin: 0 auto;\n            line-height: 1.6;\n            font-weight: 400;\n        }\n\n        \/* L\u00ednea decorativa amarilla *\/\n        .yellow-line {\n            height: 3px;\n            background: #FDB913;\n            box-shadow: 0 2px 10px rgba(253, 185, 19, 0.3);\n            width: 100vw;\n            margin-left: calc(-50vw + 50%);\n            margin-right: calc(-50vw + 50%);\n        }\n\n        \/* SECCI\u00d3N PRINCIPAL *\/\n        .main-section {\n            padding: 60px 20px;\n            max-width: 1200px;\n            margin: 0 auto;\n        }\n\n        .section-intro {\n            text-align: center;\n            margin-bottom: 50px;\n        }\n\n        .region-badge {\n            display: inline-flex;\n            align-items: center;\n            gap: 8px;\n            background: rgba(59, 130, 246, 0.1);\n            color: #2563eb;\n            padding: 6px 16px;\n            border-radius: 50px;\n            font-size: 13px;\n            font-weight: 700;\n            border: 2px solid rgba(59, 130, 246, 0.3);\n            margin-bottom: 10px;\n        }\n\n        .region-badge i {\n            font-size: 14px;\n        }\n\n        .section-title {\n            font-size: 32px;\n            font-weight: 700;\n            color: #003368;\n            margin-bottom: 15px;\n        }\n\n        .section-text {\n            font-size: 17px;\n            color: #4B5563;\n            max-width: 800px;\n            margin: 0 auto;\n            line-height: 1.7;\n        }\n\n        \/* TARJETA DE OFICINA *\/\n        .office-card {\n            background: white;\n            border-radius: 20px;\n            padding: 40px;\n            box-shadow: 0 8px 30px rgba(0, 0, 0, 0.08);\n            margin-bottom: 40px;\n        }\n\n        .office-header {\n            display: flex;\n            align-items: center;\n            gap: 20px;\n            margin-bottom: 30px;\n            padding-bottom: 25px;\n            border-bottom: 3px solid #FDB913;\n        }\n\n        .office-number {\n            display: flex;\n            align-items: center;\n            justify-content: center;\n            width: 70px;\n            height: 70px;\n            background: linear-gradient(135deg, #FDB913 0%, #FFD54F 100%);\n            color: #003368;\n            border-radius: 50%;\n            font-weight: 700;\n            font-size: 28px;\n            box-shadow: 0 6px 20px rgba(253, 185, 19, 0.4);\n            flex-shrink: 0;\n        }\n\n        .office-title {\n            flex: 1;\n        }\n\n        .office-province {\n            font-size: 28px;\n            font-weight: 700;\n            color: #003368;\n            margin-bottom: 5px;\n        }\n\n        .office-subtitle {\n            font-size: 15px;\n            color: #6B7280;\n            font-weight: 500;\n        }\n\n        \/* INFORMACI\u00d3N DE DIRECCI\u00d3N *\/\n        .office-info {\n            margin-bottom: 35px;\n        }\n\n        .info-item {\n            display: flex;\n            align-items: flex-start;\n            gap: 15px;\n            padding: 20px;\n            background: linear-gradient(135deg, rgba(0, 51, 104, 0.03) 0%, rgba(253, 185, 19, 0.05) 100%);\n            border-radius: 15px;\n            margin-bottom: 15px;\n            transition: all 0.3s ease;\n        }\n\n        .info-item:hover {\n            transform: translateX(5px);\n            box-shadow: 0 4px 15px rgba(0, 0, 0, 0.08);\n        }\n\n        .info-icon {\n            display: flex;\n            align-items: center;\n            justify-content: center;\n            width: 45px;\n            height: 45px;\n            background: linear-gradient(135deg, #003368 0%, #0052a3 100%);\n            color: white;\n            border-radius: 12px;\n            flex-shrink: 0;\n        }\n\n        .info-icon i {\n            font-size: 20px;\n        }\n\n        .info-content {\n            flex: 1;\n        }\n\n        .info-label {\n            font-size: 12px;\n            font-weight: 700;\n            color: #003368;\n            text-transform: uppercase;\n            letter-spacing: 0.5px;\n            margin-bottom: 5px;\n        }\n\n        .info-text {\n            font-size: 16px;\n            color: #4B5563;\n            line-height: 1.6;\n        }\n\n        \/* MAPA *\/\n        .map-section {\n            margin-top: 35px;\n        }\n\n        .map-title {\n            font-size: 20px;\n            font-weight: 700;\n            color: #003368;\n            margin-bottom: 20px;\n            display: flex;\n            align-items: center;\n            gap: 10px;\n        }\n\n        .map-title i {\n            color: #FDB913;\n            font-size: 22px;\n        }\n\n        .map-container {\n            width: 100%;\n            height: 450px;\n            border-radius: 15px;\n            overflow: hidden;\n            box-shadow: 0 8px 25px rgba(0, 0, 0, 0.12);\n            border: 3px solid #e5e7eb;\n        }\n\n        .map-container iframe {\n            width: 100%;\n            height: 100%;\n        }\n\n        \/* INFO BOX *\/\n        .info-box {\n            background: linear-gradient(135deg, #dbeafe 0%, #bfdbfe 100%);\n            border: 3px solid #003368;\n            border-radius: 20px;\n            padding: 35px;\n            margin-top: 40px;\n            text-align: center;\n        }\n\n        .info-box-title {\n            display: flex;\n            align-items: center;\n            justify-content: center;\n            gap: 12px;\n            font-size: 22px;\n            font-weight: 700;\n            color: #003368;\n            margin-bottom: 15px;\n        }\n\n        .info-box-title i {\n            font-size: 26px;\n            color: #FDB913;\n        }\n\n        .info-box-text {\n            font-size: 16px;\n            color: #1e40af;\n            line-height: 1.8;\n            font-weight: 600;\n        }\n\n        \/* BADGE ESPECIAL GAL\u00c1PAGOS *\/\n        .galapagos-badge {\n            display: inline-flex;\n            align-items: center;\n            gap: 8px;\n            background: linear-gradient(135deg, #0ea5e9 0%, #06b6d4 100%);\n            color: white;\n            padding: 8px 16px;\n            border-radius: 50px;\n            font-size: 13px;\n            font-weight: 700;\n            box-shadow: 0 4px 12px rgba(14, 165, 233, 0.3);\n            margin-left: auto;\n        }\n\n        .galapagos-badge i {\n            font-size: 14px;\n        }\n\n        \/* Responsive *\/\n        @media (max-width: 768px) {\n            .hero-compact {\n                padding: 40px 20px;\n            }\n\n            .hero-compact-title {\n                font-size: 32px;\n            }\n\n            .hero-compact-subtitle {\n                font-size: 16px;\n            }\n\n            .main-section {\n                padding: 40px 15px;\n            }\n\n            .section-title {\n                font-size: 26px;\n            }\n\n            .office-card {\n                padding: 25px;\n            }\n\n            .office-header {\n                flex-direction: column;\n                align-items: flex-start;\n                gap: 15px;\n            }\n\n            .office-number {\n                width: 60px;\n                height: 60px;\n                font-size: 24px;\n            }\n\n            .office-province {\n                font-size: 24px;\n            }\n\n            .galapagos-badge {\n                margin-left: 0;\n            }\n\n            .map-container {\n                height: 300px;\n            }\n\n            .info-item {\n                flex-direction: column;\n            }\n        }\n\n        @media (max-width: 640px) {\n            .office-card {\n                padding: 20px;\n            }\n\n            .map-container {\n                height: 250px;\n            }\n\n            .info-box {\n                padding: 25px;\n            }\n        }\n    <\/style>\n<\/head>\n<body>\n    <!-- HERO COMPACTO -->\n    <div class=\"hero-compact\">\n        <div class=\"hero-compact-content\">\n            <div class=\"hero-compact-badge\">\n                <i class=\"fas fa-island-tropical\"><\/i>\n                Regi\u00f3n Insular\n            <\/div>\n            <h1 class=\"hero-compact-title\">Red de Casas Legislativas - Gal\u00e1pagos<\/h1>\n            <p class=\"hero-compact-subtitle\">\n                Presencia legislativa en las Islas Gal\u00e1pagos, Patrimonio Natural de la Humanidad\n            <\/p>\n        <\/div>\n    <\/div>\n\n    <!-- L\u00cdNEA AMARILLA DECORATIVA -->\n    <div class=\"yellow-line\"><\/div>\n\n    <!-- SECCI\u00d3N PRINCIPAL -->\n    <div class=\"main-section\">\n        <div class=\"section-intro\">\n            <div class=\"region-badge\">\n                <i class=\"fas fa-water\"><\/i>\n                Regi\u00f3n Insular\n            <\/div>\n            <h2 class=\"section-title\">Oficina de Gal\u00e1pagos<\/h2>\n            <p class=\"section-text\">\n                Nuestra oficina territorial en las Islas Gal\u00e1pagos garantiza el acceso a los servicios legislativos en esta regi\u00f3n \u00fanica del Ecuador\n            <\/p>\n        <\/div>\n\n        <!-- TARJETA DE OFICINA -->\n        <div class=\"office-card\">\n            <div class=\"office-header\">\n                <div class=\"office-number\">1<\/div>\n                <div class=\"office-title\">\n                    <div class=\"office-province\">GAL\u00c1PAGOS<\/div>\n                    <div class=\"office-subtitle\">Oficina Territorial - Regi\u00f3n Insular<\/div>\n                <\/div>\n                <div class=\"galapagos-badge\">\n                    <i class=\"fas fa-shield-alt\"><\/i>\n                    Patrimonio de la Humanidad\n                <\/div>\n            <\/div>\n\n            <!-- INFORMACI\u00d3N DE DIRECCI\u00d3N -->\n            <div class=\"office-info\">\n                <div class=\"info-item\">\n                    <div class=\"info-icon\">\n                        <i class=\"fas fa-map-marker-alt\"><\/i>\n                    <\/div>\n                    <div class=\"info-content\">\n                        <div class=\"info-label\">Ubicaci\u00f3n<\/div>\n                        <div class=\"info-text\">Puerto Ayora, Santa Cruz<\/div>\n                    <\/div>\n                <\/div>\n\n                <div class=\"info-item\">\n                    <div class=\"info-icon\">\n                        <i class=\"fas fa-building\"><\/i>\n                    <\/div>\n                    <div class=\"info-content\">\n                        <div class=\"info-label\">Direcci\u00f3n Completa<\/div>\n                        <div class=\"info-text\">Av. Isla Floreana y Cucube. Edificio Arcotel Subsuelo<\/div>\n                    <\/div>\n                <\/div>\n\n                <div class=\"info-item\">\n                    <div class=\"info-icon\">\n                        <i class=\"fas fa-clock\"><\/i>\n                    <\/div>\n                    <div class=\"info-content\">\n                        <div class=\"info-label\">Horario de Atenci\u00f3n<\/div>\n                        <div class=\"info-text\">Lunes a Viernes | Horario de oficina<\/div>\n                    <\/div>\n                <\/div>\n            <\/div>\n\n            <!-- MAPA -->\n            <div class=\"map-section\">\n                <div class=\"map-title\">\n                    <i class=\"fas fa-map\"><\/i>\n                    Ubicaci\u00f3n en el Mapa\n                <\/div>\n                <div class=\"map-container\">\n                    <iframe style=\"border: 0;\" src=\"https:\/\/www.google.com\/maps\/embed?pb=!1m18!1m12!1m3!1d997.3709285749381!2d-90.31365258835241!3d-0.7420462858630548!2m3!1f0!2f0!3f0!3m2!1i1024!2i768!4f13.1!3m3!1m2!1s0x9aaa5d45c508f91b%3A0x2cd3025e07adf71d!2sIsla%20Floreana%20%26%20Cucuve%2C%20Puerto%20Ayora!5e0!3m2!1ses!2sec!4v1765818435389!5m2!1ses!2sec\" allowfullscreen><\/iframe>\n                <\/div>\n            <\/div>\n        <\/div>\n\n        <!-- INFO BOX -->\n        <div class=\"info-box\">\n            <div class=\"info-box-title\">\n                <i class=\"fas fa-info-circle\"><\/i>\n                Informaci\u00f3n Importante\n            <\/div>\n            <p class=\"info-box-text\">\n                La oficina de Gal\u00e1pagos brinda servicios especializados considerando las particularidades de la regi\u00f3n insular. Te recomendamos contactar previamente para coordinar tu visita y asegurar la disponibilidad del servicio que requieres.\n            <\/p>\n        <\/div>\n    <\/div>\n<\/body>\n<\/html>\t\t<\/div>\n\t\t\t\t<\/div>\n\t\t\t\t\t<\/div>\n\t\t<\/div>\n\t\t\t\t\t\t\t<\/div>\n\t\t<\/section>\n\t\t\t\t\t\t<\/div>\n\t\t\t\t\t<\/div>\n\t\t","protected":false},"excerpt":{"rendered":"<p>Oficina Territorial &#8211; Gal\u00e1pagos Regi\u00f3n Insular Red de Casas Legislativas &#8211; Gal\u00e1pagos Presencia legislativa en las Islas Gal\u00e1pagos, Patrimonio Natural de la Humanidad Regi\u00f3n Insular Oficina de Gal\u00e1pagos Nuestra oficina territorial en las Islas Gal\u00e1pagos garantiza el acceso a los servicios legislativos en esta regi\u00f3n \u00fanica del Ecuador 1 GAL\u00c1PAGOS Oficina Territorial &#8211; Regi\u00f3n Insular [&hellip;]<\/p>\n","protected":false},"author":3,"featured_media":0,"parent":0,"menu_order":0,"comment_status":"closed","ping_status":"closed","template":"","meta":{"footnotes":""},"class_list":["post-1837","page","type-page","status-publish","hentry"],"_links":{"self":[{"href":"https:\/\/participacion.asambleanacional.gob.ec\/index.php?rest_route=\/wp\/v2\/pages\/1837","targetHints":{"allow":["GET"]}}],"collection":[{"href":"https:\/\/participacion.asambleanacional.gob.ec\/index.php?rest_route=\/wp\/v2\/pages"}],"about":[{"href":"https:\/\/participacion.asambleanacional.gob.ec\/index.php?rest_route=\/wp\/v2\/types\/page"}],"author":[{"embeddable":true,"href":"https:\/\/participacion.asambleanacional.gob.ec\/index.php?rest_route=\/wp\/v2\/users\/3"}],"replies":[{"embeddable":true,"href":"https:\/\/participacion.asambleanacional.gob.ec\/index.php?rest_route=%2Fwp%2Fv2%2Fcomments&post=1837"}],"version-history":[{"count":33,"href":"https:\/\/participacion.asambleanacional.gob.ec\/index.php?rest_route=\/wp\/v2\/pages\/1837\/revisions"}],"predecessor-version":[{"id":3383,"href":"https:\/\/participacion.asambleanacional.gob.ec\/index.php?rest_route=\/wp\/v2\/pages\/1837\/revisions\/3383"}],"wp:attachment":[{"href":"https:\/\/participacion.asambleanacional.gob.ec\/index.php?rest_route=%2Fwp%2Fv2%2Fmedia&parent=1837"}],"curies":[{"name":"wp","href":"https:\/\/api.w.org\/{rel}","templated":true}]}}